{"id":229,"date":"2019-01-23T00:00:00","date_gmt":"2019-01-23T04:00:00","guid":{"rendered":"https:\/\/emba.com.bo\/team\/rodrigo-moreno-gutierrez\/"},"modified":"2025-10-24T14:47:07","modified_gmt":"2025-10-24T18:47:07","slug":"rodrigo-moreno-gutierrez","status":"publish","type":"team","link":"https:\/\/emba.com.bo\/en\/team\/rodrigo-moreno-gutierrez\/","title":{"rendered":"Rodrigo Moreno Gutierrez"},"content":{"rendered":"[vc_row full_width=&#8221;stretch_row&#8221; remove_bottom_col_margin=&#8221;true&#8221; css=&#8221;.vc_custom_1664804892805{margin-bottom: 0px !important;padding-top: 120px !important;background-image: url(https:\/\/emba.com.bo\/wp-content\/uploads\/2019\/01\/bannerTeam-min.jpg?id=1106) !important;background-position: 0 0 !important;background-repeat: no-repeat !important;}&#8221; wpex_bg_position=&#8221;bottom&#8221; wpex_bg_size=&#8221;cover&#8221;][vc_column]\n\n            <div  class=\"team-banner  \">\n\n                <div class=\"team-banner-container\">\n                    <div class=\"team-banner__content\">\n                        <div class=\"team-banner__boxName\">\n                            <h1  class=\"team-banner__teamName title-banner-bg-linear\" >\n                                <span class=\"wpex-inline-block\">RODRIGO<\/span>\n                                <strong>MORENO<\/strong>\n                            <\/h1>\n                            <p class=\"team-banner__teamPosition\">Partner<\/p>\n                        <\/div>\n                        <div class=\"team-banner__boxData\">\n                            <p class=\"team-banner__data\"><a href=\"mailto:rmorenog@gabrielip.com.bo\" target=\"_blank\" rel=\"nofollow noopener\"><i class=\"ticon ticon-envelope-o\"><\/i> rmorenog@gabrielip.com.bo<\/a><\/p>\n                            <p class=\"team-banner__data\"><a href=\"https:\/\/www.linkedin.com\/in\/rodrigo-moreno-5a70b441\/\" target=\"_blank\" rel=\"nofollow noopener\"><i class=\"ticon ticon-linkedin\"><\/i> View profile on LinkedIn <i class=\"ticon ticon-angle-right ticon-last\"><\/i> <\/a><\/p>\n                        <\/div>\n                    <\/div>\n                    <div class=\"team-banner__boxImage\"><img srcset=\"https:\/\/emba.com.bo\/wp-content\/uploads\/2019\/01\/rodrigo-moreno360x346.png 767w, https:\/\/emba.com.bo\/wp-content\/uploads\/2019\/01\/rodrigo-moreno568x523.png 768w\" size=\"(max-width: 767px) 767px\"  src=\"https:\/\/emba.com.bo\/wp-content\/uploads\/2019\/01\/rodrigo-moreno568x523.png\" alt=\"Rodrigo Moreno Gutierrez\"><\/div>\n\n                <\/div>\n            <\/div>[\/vc_column][\/vc_row][vc_row full_width=&#8221;stretch_row_content_no_spaces&#8221; visibility=&#8221;hidden&#8221;][vc_column]\n\n            <div  class=\"box-internalNav  \">\n                <nav class=\"internal-nav\"><a class=\"internal-nav__link local-scroll-link\" href=\"#experiencia\" title=\"EXPERIENCIA\" >EXPERIENCIA<\/a><a class=\"internal-nav__link local-scroll-link\" href=\"#areas-de-practica\" title=\"\u00c1REAS DE PR\u00c1CTICA\" >\u00c1REAS DE PR\u00c1CTICA<\/a><a class=\"internal-nav__link local-scroll-link\" href=\"#articulos\" title=\"ART\u00cdCULOS\" >ART\u00cdCULOS<\/a>\n                <\/nav>\n            <\/div>[\/vc_column][\/vc_row][vc_row local_scroll_id=&#8221;experiencia&#8221; css=&#8221;.vc_custom_1667513394576{padding-top: 35px !important;padding-bottom: 35px !important;}&#8221; el_class=&#8221;team-info-data&#8221;][vc_column width=&#8221;1\/2&#8243; offset=&#8221;vc_col-lg-8 vc_col-md-7&#8243;]<h2 class=\"vcex-heading vcex-module wpex-text-2xl wpex-font-normal wpex-m-auto wpex-max-w-100 vcex-heading-plain wpex-block wpex-mb-15 wpex-text-left title-bg-linear\" style=\"font-size:6rem;font-weight:900;\"><span class=\"vcex-heading-inner wpex-inline-block wpex-clr\">Experience<\/span><\/h2>[vc_column_text font_weight=&#8221;300&#8243;]Rodrigo Moreno is Partner at Moreno Baldivieso, leader at Intellectual Property practice area. He is responsible for creating intellectual property strategies and actions, advising clients on the growth of their intellectual property portfolio. Rodrigo has an active focus towards problem solving through the creation of value; based on situational analysis, decision making, demanding action and obtaining results.<\/p>\n<p>In recent years he ensured that the firm\u2019s legacy as the most internationally recognized IP law firm in Bolivia remains strong. The firm&#8217;s ability to meet and exceed each client\u2019s needs, while retaining a flexible business approach and delivering results in the most cost-effective manner while delivering a seamless service with the highest legal international standards for quality; this is a reflection of how Rodrigo perceives business in the global economy.<\/p>\n<p>He has an effective and efficient in-depth local knowledge base gained through years of solid experience in intellectual property within national and international markets. He approaches work with curiosity and determination, dedicating all his experience in providing the best strategic and commercially sound legal advice that helps clients productively structure their portfolio in Bolivia throughout the Intellectual Property life cycle.[\/vc_column_text]<h2 class=\"vcex-heading vcex-module wpex-text-2xl wpex-font-normal wpex-m-auto wpex-max-w-100 vcex-heading-plain wpex-block wpex-mb-15 vc_custom_1664226528277 title-bg-linear\" style=\"font-size:5rem;font-weight:900;\"><span class=\"vcex-heading-inner wpex-inline-block wpex-clr\">Membership<\/span><\/h2>[vc_column_text font_weight=&#8221;300&#8243; line_height=&#8221;2.4&#8243;]\n<ul>\n<li>International Trademark Association; INTA, 2013- Present<\/li>\n<li>Asociaci\u00f3n Interamericana de Propiedad Industrial; ASIPI,\u00a0\u00a02014 \u2013 Present<\/li>\n<li>Associa\u00e7\u00e3o Brasileira da Propriedade Intelectual; ABPI,\u00a02014 \u2013 Present<\/li>\n<li>Association Internationale pour la Protection de la Propri\u00e9t\u00e9 Intellectuelle;\u00a0AIPPI,\u00a02014 \u2013 Present<\/li>\n<li>Asociaci\u00f3n Argentina de Agentes de la Propiedad Industrial; AAAPI,\u00a02014 \u2013 Present<\/li>\n<li>European Communities Trademark Association;\u00a0ECTA, 2015- Present<\/li>\n<li>MARQUES 2015- Present<\/li>\n<\/ul>\n[\/vc_column_text][\/vc_column][vc_column width=&#8221;1\/2&#8243; offset=&#8221;vc_col-lg-4 vc_col-md-5&#8243;]<h2 class=\"vcex-heading vcex-module wpex-text-2xl wpex-font-normal wpex-m-auto wpex-max-w-100 vcex-heading-plain wpex-block wpex-mb-15 title-bg-linear\" style=\"font-size:5rem;font-weight:900;\"><span class=\"vcex-heading-inner wpex-inline-block wpex-clr\">Education<\/span><\/h2>[vc_column_text font_weight=&#8221;300&#8243; line_height=&#8221;1.8&#8243; css=&#8221;.vc_custom_1664305649376{margin-bottom: 20px !important;}&#8221;]\n<ul>\n<li>Postgraduate Course in Copyright Law, HarvardX, Harvard University, 2020<\/li>\n<li>\u00a0XV Harvard Course in Law and Economics, Harvard Law School, 2018<\/li>\n<li>\u00a0PIL Harvard Law School Advanced Negotiation, Harvard Law School, 2017<\/li>\n<li>User Centered Innovation Program, INCAE Business School, 2017<\/li>\n<li>Postgraduate Course in\u00a0Propiedad Intelectual in China, Shanghai\u00a0Jiao Tong University, 2013<\/li>\n<li>LL.M in Intellectual Property, Franklin Pierce Law Center, University of New Hampshire 2013<\/li>\n<li>Master of International Business and Finance, European Business School, London, 2008<\/li>\n<li>Bachelor of Science in Business Administration, Lynn University, 2005<\/li>\n<\/ul>\n[\/vc_column_text]<h2 class=\"vcex-heading vcex-module wpex-text-2xl wpex-font-normal wpex-m-auto wpex-max-w-100 vcex-heading-plain wpex-block title-bg-linear\" style=\"font-size:5rem;font-weight:900;\"><span class=\"vcex-heading-inner wpex-inline-block wpex-clr\">Language<\/span><\/h2>[vc_column_text font_weight=&#8221;300&#8243; line_height=&#8221;2.4&#8243;]\n<ul>\n<li>Spanish<\/li>\n<li>English<\/li>\n<\/ul>\n[\/vc_column_text][\/vc_column][\/vc_row][vc_section full_width=&#8221;stretch_row&#8221; css=&#8221;.vc_custom_1663766589945{padding-top: 65px!important;padding-bottom: 20px!important;background-color: #082e4b!important;}&#8221;][vc_row][vc_column]<h2 class=\"vcex-heading vcex-module wpex-text-2xl wpex-font-normal wpex-m-auto wpex-max-w-100 vcex-heading-plain wpex-block wpex-mb-25 wpex-text-center title-bg-linear\" style=\"font-size:clamp(3rem, 1rem + 7vw, 6rem);font-weight:900;\"><span class=\"vcex-heading-inner wpex-inline-block wpex-clr\">RECOGNITION<\/span><\/h2>[\/vc_column][\/vc_row][vc_row][vc_column]\n\n            <div  class=\"team-recognition wpex-carousel owl-carousel arrwstyle-slim arrwpos-abs \" data-wpex-carousel={\"nav\":\"true\",\"dots\":\"false\",\"autoplay\":\"false\",\"loop\":\"false\",\"smartSpeed\":250,\"items\":4,\"slideBy\":1,\"autoplayTimeout\":5000,\"margin\":10,\"itemsTablet\":3,\"itemsMobileLandscape\":2,\"itemsMobilePortrait\":1,\"autoWidth\":\"false\",\"autoHeight\":\"false\"}>\n                <div class=\"team-recognition__item\">\n                                \n                                <p class=\"team-recognition__text\">World Trademark Review <br> Gold individual 2020, 2021, 2022<\/p>\n                            <\/div><div class=\"team-recognition__item\">\n                                \n                                <p class=\"team-recognition__text\">Recognized by Managing IP <br> Trademark Star 2021, 2022; Patent Star 2021\u00a0<\/p>\n                            <\/div><div class=\"team-recognition__item\">\n                                \n                                <p class=\"team-recognition__text\">ASIPI <br> Bolivia Primary Delegate date 2022-2024<\/p>\n                            <\/div>\n\n            <\/div>[\/vc_column][\/vc_row][\/vc_section][vc_row local_scroll_id=&#8221;areas-de-practica&#8221; css=&#8221;.vc_custom_1663767098349{padding-top: 65px !important;padding-bottom: 30px !important;}&#8221;][vc_column]<h2 class=\"vcex-heading vcex-module wpex-text-2xl wpex-font-normal wpex-m-auto wpex-max-w-100 vcex-heading-plain wpex-block wpex-text-center title-bg-linear\" style=\"font-size:clamp(6rem, 2.3rem + 10vw, 12.4rem);;font-weight:900;\"><span class=\"vcex-heading-inner wpex-inline-block wpex-clr\">Practice Areas<\/span><\/h2>[\/vc_column][\/vc_row][vc_row][vc_column]<div  class=\"card-flex team-search-grid \">\r\n                    <div class=\"card-flex__item\">\r\n                        <div class=\"card-flip\">\r\n                            <div class=\"emba-card emba-card--border-blue emba-card--image card-flip__content isLazy-background\" style=\"--bg-card-image: url(https:\/\/emba.com.bo\/wp-content\/uploads\/2019\/06\/5.-Propiedad-Intelectual-e-Industrial-min-1.jpg)\" >\r\n                                <div class=\"emba-card__front card-flip__front\">\r\n                                    <header class=\"emba-card__header\">\r\n                                        <h3 class=\"emba-card__title emba-card__title--is-uppercase\">Intellectual Property<\/h3>\r\n                                    <\/header>\r\n\r\n                                    <footer class=\"emba-card__footer emba-card__footer--two-items\"><i class=\"ticon ticon-angle-right\"><\/i>\r\n                                    <div class=\"emba-link\"><a class=\"emba_link__plain\" href=\"https:\/\/emba.com.bo\/en\/areas-de-practica\/intellectual-property\/\" style=\"--color-text:#fff;--color-hover-text:#fff;\" title=\"Learn more\">Learn more <i class=\"ticon ticon-angle-right\"><\/i><\/a><\/div>\r\n                                    <\/footer>\r\n                                <\/div>\r\n                                <div class=\"emba-card__back card-flip__back\">\r\n                                    <header class=\"emba-card__header\">\r\n                                        <h3 class=\"emba-card__title emba-card__title--is-uppercase\">Intellectual Property<\/h3>\r\n                                    <\/header>\r\n                                    <div class=\"emba-card__content\">\r\n                                        <h4>Practice areas<\/h4><ul>\n<li>Trademarks, Patents, and Copyrights<\/li>\n<li>IP Litigation and Dispute Resolution<\/li>\n<li>Licensing, Franchising, and Technology Transfer<\/li>\n<li>Intangible Asset Valuation<\/li>\n<li>E-Commerce<\/li>\n<li>Social Media and Online Presence<\/li>\n<li>Software and Mobile Applications<\/li>\n<li>International Management of Bolivian IP Portfolios<\/li>\n<li>IP in Mergers and Acquisitions<\/li>\n<li>Anticounterfeiting<\/li>\n<\/ul>\n                <\/div>\r\n                                    <footer class=\"emba-card__footer\">\r\n                                        <div class=\"emba-link\"><a class=\"emba_link__plain\" href=\"https:\/\/emba.com.bo\/en\/areas-de-practica\/intellectual-property\/\" style=\"--color-text:#fff;--color-hover-text:#fff;\" title=\"Learn more\">Learn more <i class=\"ticon ticon-angle-right\"><\/i><\/a><\/div>\r\n                                    <\/footer>\r\n                                <\/div>\r\n                            <\/div>\r\n                        <\/div>\r\n                    <\/div>\r\n                    <div class=\"card-flex__item\">\r\n                        <div class=\"card-flip\">\r\n                            <div class=\"emba-card emba-card--border-blue emba-card--image card-flip__content isLazy-background\" style=\"--bg-card-image: url(https:\/\/emba.com.bo\/wp-content\/uploads\/2022\/09\/Fintech582x325-bw.jpg)\" >\r\n                                <div class=\"emba-card__front card-flip__front\">\r\n                                    <header class=\"emba-card__header\">\r\n                                        <h3 class=\"emba-card__title emba-card__title--is-uppercase\">Fintech, Innovation & New Technologies<\/h3>\r\n                                    <\/header>\r\n\r\n                                    <footer class=\"emba-card__footer emba-card__footer--two-items\"><i class=\"ticon ticon-angle-right\"><\/i>\r\n                                    <div class=\"emba-link\"><a class=\"emba_link__plain\" href=\"https:\/\/emba.com.bo\/en\/areas-de-practica\/fintech-innovation-new-technologies\/\" style=\"--color-text:#fff;--color-hover-text:#fff;\" title=\"Learn more\">Learn more <i class=\"ticon ticon-angle-right\"><\/i><\/a><\/div>\r\n                                    <\/footer>\r\n                                <\/div>\r\n                                <div class=\"emba-card__back card-flip__back\">\r\n                                    <header class=\"emba-card__header\">\r\n                                        <h3 class=\"emba-card__title emba-card__title--is-uppercase\">Fintech, Innovation & New Technologies<\/h3>\r\n                                    <\/header>\r\n                                    <div class=\"emba-card__content\">\r\n                                        <h4>Practice areas<\/h4>                <\/div>\r\n                                    <footer class=\"emba-card__footer\">\r\n                                        <div class=\"emba-link\"><a class=\"emba_link__plain\" href=\"https:\/\/emba.com.bo\/en\/areas-de-practica\/fintech-innovation-new-technologies\/\" style=\"--color-text:#fff;--color-hover-text:#fff;\" title=\"Learn more\">Learn more <i class=\"ticon ticon-angle-right\"><\/i><\/a><\/div>\r\n                                    <\/footer>\r\n                                <\/div>\r\n                            <\/div>\r\n                        <\/div>\r\n                    <\/div>\r\n                    <div class=\"card-flex__item\">\r\n                        <div class=\"card-flip\">\r\n                            <div class=\"emba-card emba-card--border-blue emba-card--image card-flip__content isLazy-background\" style=\"--bg-card-image: url(https:\/\/emba.com.bo\/wp-content\/uploads\/2022\/09\/startups582x325-bw.jpg)\" >\r\n                                <div class=\"emba-card__front card-flip__front\">\r\n                                    <header class=\"emba-card__header\">\r\n                                        <h3 class=\"emba-card__title emba-card__title--is-uppercase\">Startups & Venture Capital<\/h3>\r\n                                    <\/header>\r\n\r\n                                    <footer class=\"emba-card__footer emba-card__footer--two-items\"><i class=\"ticon ticon-angle-right\"><\/i>\r\n                                    <div class=\"emba-link\"><a class=\"emba_link__plain\" href=\"https:\/\/emba.com.bo\/en\/areas-de-practica\/startups-venture-capital\/\" style=\"--color-text:#fff;--color-hover-text:#fff;\" title=\"Learn more\">Learn more <i class=\"ticon ticon-angle-right\"><\/i><\/a><\/div>\r\n                                    <\/footer>\r\n                                <\/div>\r\n                                <div class=\"emba-card__back card-flip__back\">\r\n                                    <header class=\"emba-card__header\">\r\n                                        <h3 class=\"emba-card__title emba-card__title--is-uppercase\">Startups & Venture Capital<\/h3>\r\n                                    <\/header>\r\n                                    <div class=\"emba-card__content\">\r\n                                        <h4>Practice areas<\/h4><ul>\n<li>Company incorporation.<\/li>\n<li>Intellectual property protection.<\/li>\n<li>Advice on initial funding search and negotiation.<\/li>\n<li>Assistance in structuring and negotiating subsequent funding rounds.<\/li>\n<li>Regulatory compliance.<\/li>\n<li>Legal and strategic guidance on key aspects for startup growth and success.<\/li>\n<\/ul>\n                <\/div>\r\n                                    <footer class=\"emba-card__footer\">\r\n                                        <div class=\"emba-link\"><a class=\"emba_link__plain\" href=\"https:\/\/emba.com.bo\/en\/areas-de-practica\/startups-venture-capital\/\" style=\"--color-text:#fff;--color-hover-text:#fff;\" title=\"Learn more\">Learn more <i class=\"ticon ticon-angle-right\"><\/i><\/a><\/div>\r\n                                    <\/footer>\r\n                                <\/div>\r\n                            <\/div>\r\n                        <\/div>\r\n                    <\/div><\/div><div  class=\"emba-link emba-link--solid \"><a class=\"emba_link__plain\" href=\"https:\/\/emba.com.bo\/areas-de-practica\/\" style=\"--color-text:#082e4b;--color-hover-text:#828282;\">See all practice areas <i class=\"ticon ticon-angle-right\"><\/i><\/a><\/div>[\/vc_column][\/vc_row][vc_section full_width=&#8221;stretch_row&#8221; css=&#8221;.vc_custom_1664305783643{padding-top: 35px !important;padding-bottom: 50px !important;}&#8221; visibility=&#8221;hidden&#8221;][vc_row css=&#8221;.vc_custom_1663767124209{padding-bottom: 20px !important;}&#8221;][vc_column]<h2 class=\"vcex-heading vcex-module wpex-text-2xl wpex-font-normal wpex-m-auto wpex-max-w-100 vcex-heading-plain wpex-block wpex-text-center title-bg-linear\" style=\"font-size:clamp(3rem, 1rem + 9vw, 6rem);font-weight:900;\"><span class=\"vcex-heading-inner wpex-inline-block wpex-clr\">CLIENT STATEMENTS<\/span><\/h2>[\/vc_column][\/vc_row][vc_row][vc_column]\n\n            <div  class=\"client-statement wpex-carousel owl-carousel arrwstyle-slim arrwpos-abs \" data-wpex-carousel={\"nav\":\"true\",\"dots\":\"false\",\"autoplay\":\"true\",\"loop\":\"false\",\"smartSpeed\":250,\"items\":3,\"slideBy\":1,\"autoplayTimeout\":5000,\"margin\":10,\"itemsTablet\":3,\"itemsMobileLandscape\":2,\"itemsMobilePortrait\":1,\"autoWidth\":\"false\",\"autoHeight\":\"false\"}>\n                <div class=\"client-statement__item\"><p class=\"client-statement__text\">Text<\/p><\/div>\n\n            <\/div>[\/vc_column][\/vc_row][\/vc_section][vc_row local_scroll_id=&#8221;articulos&#8221; css=&#8221;.vc_custom_1663767143653{padding-bottom: 40px !important;}&#8221;][vc_column]<h2 class=\"vcex-heading vcex-module wpex-text-2xl wpex-font-normal wpex-m-auto wpex-max-w-100 vcex-heading-plain wpex-block wpex-mb-30 wpex-text-center title-bg-linear\" style=\"font-size:clamp(6rem, 2.3rem + 10vw, 12.4rem);;font-weight:900;\"><span class=\"vcex-heading-inner wpex-inline-block wpex-clr\">Articles<\/span><\/h2><style>.vcex_69ec8ad659075 .wpex-posts-card-carousel{--wpex-carousel-gap:15px;}.vcex_69ec8ad659075 .wpex-posts-card-carousel{--wpex-carousel-columns:1;}.vcex_69ec8ad659075 .wpex-posts-card-carousel.wpex-carousel:not(.owl-loaded) > *:not(:nth-child(1n+2)) {display: flex !important;}@media only screen and (min-width: 480px) {.vcex_69ec8ad659075 .wpex-posts-card-carousel{--wpex-carousel-columns:1;}.vcex_69ec8ad659075 .wpex-posts-card-carousel.wpex-carousel:not(.owl-loaded) > *:not(:nth-child(1n+2)) {display: flex !important;}}@media only screen and (min-width: 768px) {.vcex_69ec8ad659075 .wpex-posts-card-carousel{--wpex-carousel-columns:1;}.vcex_69ec8ad659075 .wpex-posts-card-carousel.wpex-carousel:not(.owl-loaded) > *:not(:nth-child(1n+2)) {display: flex !important;}}@media only screen and (min-width: 960px) {.vcex_69ec8ad659075 .wpex-posts-card-carousel{--wpex-carousel-columns:1;}.vcex_69ec8ad659075 .wpex-posts-card-carousel.wpex-carousel:not(.owl-loaded) > *:not(:nth-child(1n+2)) {display: flex !important;}}<\/style><div class=\"wpex-post-cards wpex-post-cards-emba-articles vcex_69ec8ad659075\"><div class=\"wpex-posts-card-carousel wpex-carousel owl-carousel wpex-carousel--render-onload wpex-carousel--flex wpex-carousel--no-margins arrwstyle-slim arrwpos-abs\" data-wpex-carousel='{&quot;items&quot;:1,&quot;itemsTablet&quot;:1,&quot;itemsMobileLandscape&quot;:1}'><div class=\"wpex-post-cards-entry post-4099 type-post wpex-carousel-slide cat-3 translation_priority-5\"><div class=\"wpex-card wpex-card-emba-articles\"><div class=\"emba-article wpex-card-inner wpex-flex wpex-flex-col wpex-sm-flex-row wpex-gap-40\"><div class=\"wpex-card-thumbnail wpex-relative wpex-sm-w-40 wpex-flex-shrink-0\"><a href=\"https:\/\/emba.com.bo\/en\/moreno-baldivieso-recognized-as-bolivia-law-firm-of-the-year-by-chambers-and-partners-2026\/\"><img width=\"970\" height=\"250\" src=\"https:\/\/emba.com.bo\/wp-content\/uploads\/2026\/03\/Firm-of-the-Year-2026-web.jpg\" class=\"wpex-align-middle wpex-w-100\" alt=\"Moreno Baldivieso Recognized as Bolivia Law Firm of the Year by Chambers and Partners 2026\" decoding=\"async\" loading=\"lazy\" srcset=\"https:\/\/emba.com.bo\/wp-content\/uploads\/2026\/03\/Firm-of-the-Year-2026-web.jpg 970w, https:\/\/emba.com.bo\/wp-content\/uploads\/2026\/03\/Firm-of-the-Year-2026-web-300x77.jpg 300w, https:\/\/emba.com.bo\/wp-content\/uploads\/2026\/03\/Firm-of-the-Year-2026-web-768x198.jpg 768w\" sizes=\"(max-width: 970px) 100vw, 970px\" \/><\/a><\/div><div class=\"emba-article__details wpex-flex wpex-flex-col wpex-justify-center wpex-card-details wpex-flex-grow\"><h2 class=\"wpex-card-title emba-article__heading wpex-heading\"><a href=\"https:\/\/emba.com.bo\/en\/moreno-baldivieso-recognized-as-bolivia-law-firm-of-the-year-by-chambers-and-partners-2026\/\">Moreno Baldivieso Recognized as Bolivia Law Firm of the Year by Chambers and Partners 2026<\/a><\/h2><div class=\"emba-article__meta wpex-card-meta wpex-flex wpex-flex-wrap wpex-gap-5 wpex-mb-10 wpex-child-inherit-color wpex-text-sm\"><div class=\"wpex-card-date\">March 13, 2026<\/div><\/div><div class=\"wpex-card-excerpt wpex-last-mb-0 wpex-mb-5\"><p>Chambers and Partners has once again recognized Moreno Baldivieso as Bolivian Law Firm of the Year, following a rigorous comparative process that comprehensively evaluates the Bolivian legal market and highlights firms demonstrating outstanding performance in legal advisory services. This recognition&hellip;<\/p><\/div><div class=\"wpex-card-footer \"><div class=\"wpex-card-more-link\"><a href=\"https:\/\/emba.com.bo\/en\/moreno-baldivieso-recognized-as-bolivia-law-firm-of-the-year-by-chambers-and-partners-2026\/\" aria-label=\"Continue reading &lt;i class=&quot;ticon ticon-angle-right&quot;&gt;&lt;\/i&gt; about Moreno Baldivieso Recognized as Bolivia Law Firm of the Year by Chambers and Partners 2026\" class=\"wpex-hover-underline\">Continue reading <i class=\"ticon ticon-angle-right\"><\/i><\/a><\/div><\/div><\/div><\/div><\/div><\/div><div class=\"wpex-post-cards-entry post-3666 type-post wpex-carousel-slide cat-3 post_tag-196 translation_priority-5\"><div class=\"wpex-card wpex-card-emba-articles\"><div class=\"emba-article wpex-card-inner wpex-flex wpex-flex-col wpex-sm-flex-row wpex-gap-40\"><div class=\"wpex-card-thumbnail wpex-relative wpex-sm-w-40 wpex-flex-shrink-0\"><a href=\"https:\/\/emba.com.bo\/en\/chambers-global-2025-moreno-baldivieso-only-bolivian-firm-ranked-band-1-in-all-practice-areas\/\"><img width=\"1536\" height=\"775\" src=\"https:\/\/emba.com.bo\/wp-content\/uploads\/2025\/02\/nota-web-chambers-global-guide-2025.png\" class=\"wpex-align-middle wpex-w-100\" alt=\"Chambers Global 2025: Moreno Baldivieso, only Bolivian firm ranked Band 1 in all practice areas\" decoding=\"async\" loading=\"lazy\" srcset=\"https:\/\/emba.com.bo\/wp-content\/uploads\/2025\/02\/nota-web-chambers-global-guide-2025.png 1536w, https:\/\/emba.com.bo\/wp-content\/uploads\/2025\/02\/nota-web-chambers-global-guide-2025-300x151.png 300w, https:\/\/emba.com.bo\/wp-content\/uploads\/2025\/02\/nota-web-chambers-global-guide-2025-1024x517.png 1024w, https:\/\/emba.com.bo\/wp-content\/uploads\/2025\/02\/nota-web-chambers-global-guide-2025-768x388.png 768w\" sizes=\"(max-width: 1536px) 100vw, 1536px\" \/><\/a><\/div><div class=\"emba-article__details wpex-flex wpex-flex-col wpex-justify-center wpex-card-details wpex-flex-grow\"><h2 class=\"wpex-card-title emba-article__heading wpex-heading\"><a href=\"https:\/\/emba.com.bo\/en\/chambers-global-2025-moreno-baldivieso-only-bolivian-firm-ranked-band-1-in-all-practice-areas\/\">Chambers Global 2025: Moreno Baldivieso, only Bolivian firm ranked Band 1 in all practice areas<\/a><\/h2><div class=\"emba-article__meta wpex-card-meta wpex-flex wpex-flex-wrap wpex-gap-5 wpex-mb-10 wpex-child-inherit-color wpex-text-sm\"><div class=\"wpex-card-date\">February 20, 2025<\/div><\/div><div class=\"wpex-card-excerpt wpex-last-mb-0 wpex-mb-5\"><p>Chambers and Partners has released its Global Guide 2025, ranking Moreno Baldivieso in Band 1 across all three evaluated practice areas, reaffirming its position as Bolivia\u2019s leading law firm. This prestigious recognition, awarded by the world\u2019s most influential legal directory,&hellip;<\/p><\/div><div class=\"wpex-card-footer \"><div class=\"wpex-card-more-link\"><a href=\"https:\/\/emba.com.bo\/en\/chambers-global-2025-moreno-baldivieso-only-bolivian-firm-ranked-band-1-in-all-practice-areas\/\" aria-label=\"Continue reading &lt;i class=&quot;ticon ticon-angle-right&quot;&gt;&lt;\/i&gt; about Chambers Global 2025: Moreno Baldivieso, only Bolivian firm ranked Band 1 in all practice areas\" class=\"wpex-hover-underline\">Continue reading <i class=\"ticon ticon-angle-right\"><\/i><\/a><\/div><\/div><\/div><\/div><\/div><\/div><div class=\"wpex-post-cards-entry post-3615 type-post wpex-carousel-slide cat-3 post_tag-196 post_tag-197 translation_priority-5\"><div class=\"wpex-card wpex-card-emba-articles\"><div class=\"emba-article wpex-card-inner wpex-flex wpex-flex-col wpex-sm-flex-row wpex-gap-40\"><div class=\"wpex-card-thumbnail wpex-relative wpex-sm-w-40 wpex-flex-shrink-0\"><a href=\"https:\/\/emba.com.bo\/en\/11-years-of-recognition-as-bolivias-best-law-firm-by-chambers-partners\/\"><img width=\"1536\" height=\"775\" src=\"https:\/\/emba.com.bo\/wp-content\/uploads\/2025\/01\/nota-web-chambers-2024-e1738250974353.png\" class=\"wpex-align-middle wpex-w-100\" alt=\"11 Years of Recognition as Bolivia\u2019s Best Law Firm by Chambers &#038; Partners\" decoding=\"async\" loading=\"lazy\" \/><\/a><\/div><div class=\"emba-article__details wpex-flex wpex-flex-col wpex-justify-center wpex-card-details wpex-flex-grow\"><h2 class=\"wpex-card-title emba-article__heading wpex-heading\"><a href=\"https:\/\/emba.com.bo\/en\/11-years-of-recognition-as-bolivias-best-law-firm-by-chambers-partners\/\">11 Years of Recognition as Bolivia\u2019s Best Law Firm by Chambers &#038; Partners<\/a><\/h2><div class=\"emba-article__meta wpex-card-meta wpex-flex wpex-flex-wrap wpex-gap-5 wpex-mb-10 wpex-child-inherit-color wpex-text-sm\"><div class=\"wpex-card-date\">January 29, 2025<\/div><\/div><div class=\"wpex-card-excerpt wpex-last-mb-0 wpex-mb-5\"><p>At Moreno Baldivieso, we are proud to share that we have once again been recognized by Chambers &amp; Partners as Bolivia\u2019s Law Firm of the Year. In the legal field, this prestigious award is equivalent to winning a gold medal&hellip;<\/p><\/div><div class=\"wpex-card-footer \"><div class=\"wpex-card-more-link\"><a href=\"https:\/\/emba.com.bo\/en\/11-years-of-recognition-as-bolivias-best-law-firm-by-chambers-partners\/\" aria-label=\"Continue reading &lt;i class=&quot;ticon ticon-angle-right&quot;&gt;&lt;\/i&gt; about 11 Years of Recognition as Bolivia\u2019s Best Law Firm by Chambers &#038; Partners\" class=\"wpex-hover-underline\">Continue reading <i class=\"ticon ticon-angle-right\"><\/i><\/a><\/div><\/div><\/div><\/div><\/div><\/div><div class=\"wpex-post-cards-entry post-3398 type-post wpex-carousel-slide cat-3 translation_priority-5\"><div class=\"wpex-card wpex-card-emba-articles\"><div class=\"emba-article wpex-card-inner wpex-flex wpex-flex-col wpex-sm-flex-row wpex-gap-40\"><div class=\"wpex-card-thumbnail wpex-relative wpex-sm-w-40 wpex-flex-shrink-0\"><a href=\"https:\/\/emba.com.bo\/en\/moreno-baldivieso-leads-legal-digitalization-in-bolivia-with-integration-of-harvey\/\"><img width=\"1536\" height=\"775\" src=\"https:\/\/emba.com.bo\/wp-content\/uploads\/2024\/11\/nota-web-AI-harvey-ingles-1.png\" class=\"wpex-align-middle wpex-w-100\" alt=\"Moreno Baldivieso Leads Legal Digitalization in Bolivia with Integration of Harvey\" decoding=\"async\" loading=\"lazy\" srcset=\"https:\/\/emba.com.bo\/wp-content\/uploads\/2024\/11\/nota-web-AI-harvey-ingles-1.png 1536w, https:\/\/emba.com.bo\/wp-content\/uploads\/2024\/11\/nota-web-AI-harvey-ingles-1-300x151.png 300w, https:\/\/emba.com.bo\/wp-content\/uploads\/2024\/11\/nota-web-AI-harvey-ingles-1-1024x517.png 1024w, https:\/\/emba.com.bo\/wp-content\/uploads\/2024\/11\/nota-web-AI-harvey-ingles-1-768x388.png 768w\" sizes=\"(max-width: 1536px) 100vw, 1536px\" \/><\/a><\/div><div class=\"emba-article__details wpex-flex wpex-flex-col wpex-justify-center wpex-card-details wpex-flex-grow\"><h2 class=\"wpex-card-title emba-article__heading wpex-heading\"><a href=\"https:\/\/emba.com.bo\/en\/moreno-baldivieso-leads-legal-digitalization-in-bolivia-with-integration-of-harvey\/\">Moreno Baldivieso Leads Legal Digitalization in Bolivia with Integration of Harvey<\/a><\/h2><div class=\"emba-article__meta wpex-card-meta wpex-flex wpex-flex-wrap wpex-gap-5 wpex-mb-10 wpex-child-inherit-color wpex-text-sm\"><div class=\"wpex-card-date\">November 4, 2024<\/div><\/div><div class=\"wpex-card-excerpt wpex-last-mb-0 wpex-mb-5\"><p>As Bolivia\u2019s largest and most prominent law and business services firm, we at Moreno Baldivieso are proud to announce our strategic alliance with Harvey, the leading AI-driven professional services platform. By integrating Harvey, we are setting a new benchmark in&hellip;<\/p><\/div><div class=\"wpex-card-footer \"><div class=\"wpex-card-more-link\"><a href=\"https:\/\/emba.com.bo\/en\/moreno-baldivieso-leads-legal-digitalization-in-bolivia-with-integration-of-harvey\/\" aria-label=\"Continue reading &lt;i class=&quot;ticon ticon-angle-right&quot;&gt;&lt;\/i&gt; about Moreno Baldivieso Leads Legal Digitalization in Bolivia with Integration of Harvey\" class=\"wpex-hover-underline\">Continue reading <i class=\"ticon ticon-angle-right\"><\/i><\/a><\/div><\/div><\/div><\/div><\/div><\/div><div class=\"wpex-post-cards-entry post-547 type-post wpex-carousel-slide cat-3 translation_priority-5\"><div class=\"wpex-card wpex-card-emba-articles\"><div class=\"emba-article wpex-card-inner wpex-flex wpex-flex-col wpex-sm-flex-row wpex-gap-40\"><div class=\"wpex-card-thumbnail wpex-relative wpex-sm-w-40 wpex-flex-shrink-0\"><a href=\"https:\/\/emba.com.bo\/en\/uk-regulatory-sandbox\/\"><img width=\"1600\" height=\"900\" src=\"https:\/\/emba.com.bo\/wp-content\/uploads\/2022\/04\/articulo-web-01-01.jpg\" class=\"wpex-align-middle wpex-w-100\" alt=\"UK\u2019S REGULATORY SANDBOX: KEY TAKEAWAYS FOR BOLIVIA`S BENEFIT\" decoding=\"async\" loading=\"lazy\" srcset=\"https:\/\/emba.com.bo\/wp-content\/uploads\/2022\/04\/articulo-web-01-01.jpg 1600w, https:\/\/emba.com.bo\/wp-content\/uploads\/2022\/04\/articulo-web-01-01-300x169.jpg 300w, https:\/\/emba.com.bo\/wp-content\/uploads\/2022\/04\/articulo-web-01-01-1024x576.jpg 1024w, https:\/\/emba.com.bo\/wp-content\/uploads\/2022\/04\/articulo-web-01-01-768x432.jpg 768w, https:\/\/emba.com.bo\/wp-content\/uploads\/2022\/04\/articulo-web-01-01-1536x864.jpg 1536w\" sizes=\"(max-width: 1600px) 100vw, 1600px\" \/><\/a><\/div><div class=\"emba-article__details wpex-flex wpex-flex-col wpex-justify-center wpex-card-details wpex-flex-grow\"><h2 class=\"wpex-card-title emba-article__heading wpex-heading\"><a href=\"https:\/\/emba.com.bo\/en\/uk-regulatory-sandbox\/\">UK\u2019S REGULATORY SANDBOX: KEY TAKEAWAYS FOR BOLIVIA`S BENEFIT<\/a><\/h2><div class=\"emba-article__meta wpex-card-meta wpex-flex wpex-flex-wrap wpex-gap-5 wpex-mb-10 wpex-child-inherit-color wpex-text-sm\"><div class=\"wpex-card-date\">April 19, 2022<\/div><\/div><div class=\"wpex-card-excerpt wpex-last-mb-0 wpex-mb-5\"><p>Fernando Landa and Mirko Olmos &nbsp; Innovation is the cornerstone for any country\u2019s development and competitiveness. There is little to no doubt that finance is the area where innovation has impacted the most throughout the years, and even more during&hellip;<\/p><\/div><div class=\"wpex-card-footer \"><div class=\"wpex-card-more-link\"><a href=\"https:\/\/emba.com.bo\/en\/uk-regulatory-sandbox\/\" aria-label=\"Continue reading &lt;i class=&quot;ticon ticon-angle-right&quot;&gt;&lt;\/i&gt; about UK\u2019S REGULATORY SANDBOX: KEY TAKEAWAYS FOR BOLIVIA`S BENEFIT\" class=\"wpex-hover-underline\">Continue reading <i class=\"ticon ticon-angle-right\"><\/i><\/a><\/div><\/div><\/div><\/div><\/div><\/div><div class=\"wpex-post-cards-entry post-546 type-post wpex-carousel-slide cat-3 cat-80 cat-71 post_tag-119 translation_priority-5\"><div class=\"wpex-card wpex-card-emba-articles\"><div class=\"emba-article wpex-card-inner wpex-flex wpex-flex-col wpex-sm-flex-row wpex-gap-40\"><div class=\"wpex-card-thumbnail wpex-relative wpex-sm-w-40 wpex-flex-shrink-0\"><a href=\"https:\/\/emba.com.bo\/en\/fintech-in-bolivia\/\"><img width=\"1050\" height=\"571\" src=\"https:\/\/emba.com.bo\/wp-content\/uploads\/2021\/10\/arte-1-web.png\" class=\"wpex-align-middle wpex-w-100\" alt=\"Fintech in Bolivia\" decoding=\"async\" loading=\"lazy\" srcset=\"https:\/\/emba.com.bo\/wp-content\/uploads\/2021\/10\/arte-1-web.png 1050w, https:\/\/emba.com.bo\/wp-content\/uploads\/2021\/10\/arte-1-web-300x163.png 300w, https:\/\/emba.com.bo\/wp-content\/uploads\/2021\/10\/arte-1-web-1024x557.png 1024w, https:\/\/emba.com.bo\/wp-content\/uploads\/2021\/10\/arte-1-web-768x418.png 768w\" sizes=\"(max-width: 1050px) 100vw, 1050px\" \/><\/a><\/div><div class=\"emba-article__details wpex-flex wpex-flex-col wpex-justify-center wpex-card-details wpex-flex-grow\"><h2 class=\"wpex-card-title emba-article__heading wpex-heading\"><a href=\"https:\/\/emba.com.bo\/en\/fintech-in-bolivia\/\">Fintech in Bolivia<\/a><\/h2><div class=\"emba-article__meta wpex-card-meta wpex-flex wpex-flex-wrap wpex-gap-5 wpex-mb-10 wpex-child-inherit-color wpex-text-sm\"><div class=\"wpex-card-date\">October 1, 2021<\/div><\/div><div class=\"wpex-card-excerpt wpex-last-mb-0 wpex-mb-5\"><p>In Bolivia, the Central Bank oversees the payment system.[1] While the Financial System Supervising Authority (ASFI, per its acronym in Spanish) regulates and supervises the financial system.[2] All financial intermediation activities and the provision of financial services are deemed to&hellip;<\/p><\/div><div class=\"wpex-card-footer \"><div class=\"wpex-card-more-link\"><a href=\"https:\/\/emba.com.bo\/en\/fintech-in-bolivia\/\" aria-label=\"Continue reading &lt;i class=&quot;ticon ticon-angle-right&quot;&gt;&lt;\/i&gt; about Fintech in Bolivia\" class=\"wpex-hover-underline\">Continue reading <i class=\"ticon ticon-angle-right\"><\/i><\/a><\/div><\/div><\/div><\/div><\/div><\/div><div class=\"wpex-post-cards-entry post-545 type-post wpex-carousel-slide cat-3 cat-72 cat-71 post_tag-105 translation_priority-5\"><div class=\"wpex-card wpex-card-emba-articles\"><div class=\"emba-article wpex-card-inner wpex-flex wpex-flex-col wpex-sm-flex-row wpex-gap-40\"><div class=\"wpex-card-thumbnail wpex-relative wpex-sm-w-40 wpex-flex-shrink-0\"><a href=\"https:\/\/emba.com.bo\/en\/reglamento-para-la-aplicacion-e-implementacion-de-las-condiciones-especiales-de-teletrabajo-y-trabajo-a-distancia\/\"><img width=\"1600\" height=\"870\" src=\"https:\/\/emba.com.bo\/wp-content\/uploads\/2021\/09\/Condiciones-de-trabajo-MB1-01.png\" class=\"wpex-align-middle wpex-w-100\" alt=\"Reglamento para la aplicaci\u00f3n e implementaci\u00f3n de las condiciones especiales de Teletrabajo y Trabajo a Distancia.\" decoding=\"async\" loading=\"lazy\" srcset=\"https:\/\/emba.com.bo\/wp-content\/uploads\/2021\/09\/Condiciones-de-trabajo-MB1-01.png 1600w, https:\/\/emba.com.bo\/wp-content\/uploads\/2021\/09\/Condiciones-de-trabajo-MB1-01-300x163.png 300w, https:\/\/emba.com.bo\/wp-content\/uploads\/2021\/09\/Condiciones-de-trabajo-MB1-01-1024x557.png 1024w, https:\/\/emba.com.bo\/wp-content\/uploads\/2021\/09\/Condiciones-de-trabajo-MB1-01-768x418.png 768w, https:\/\/emba.com.bo\/wp-content\/uploads\/2021\/09\/Condiciones-de-trabajo-MB1-01-1536x835.png 1536w\" sizes=\"(max-width: 1600px) 100vw, 1600px\" \/><\/a><\/div><div class=\"emba-article__details wpex-flex wpex-flex-col wpex-justify-center wpex-card-details wpex-flex-grow\"><h2 class=\"wpex-card-title emba-article__heading wpex-heading\"><a href=\"https:\/\/emba.com.bo\/en\/reglamento-para-la-aplicacion-e-implementacion-de-las-condiciones-especiales-de-teletrabajo-y-trabajo-a-distancia\/\">Reglamento para la aplicaci\u00f3n e implementaci\u00f3n de las condiciones especiales de Teletrabajo y Trabajo a Distancia.<\/a><\/h2><div class=\"emba-article__meta wpex-card-meta wpex-flex wpex-flex-wrap wpex-gap-5 wpex-mb-10 wpex-child-inherit-color wpex-text-sm\"><div class=\"wpex-card-date\">September 30, 2021<\/div><\/div><div class=\"wpex-card-excerpt wpex-last-mb-0 wpex-mb-5\"><p>Dando cumplimiento a lo se\u00f1alado en el Decreto Supremo No. 4570 de fecha 18 de agosto de 2021, - cuyo objeto era el de normar la aplicaci\u00f3n de las condiciones especiales de trabajo, en las relaciones laborales y la prestaci\u00f3n&hellip;<\/p><\/div><div class=\"wpex-card-footer \"><div class=\"wpex-card-more-link\"><a href=\"https:\/\/emba.com.bo\/en\/reglamento-para-la-aplicacion-e-implementacion-de-las-condiciones-especiales-de-teletrabajo-y-trabajo-a-distancia\/\" aria-label=\"Continue reading &lt;i class=&quot;ticon ticon-angle-right&quot;&gt;&lt;\/i&gt; about Reglamento para la aplicaci\u00f3n e implementaci\u00f3n de las condiciones especiales de Teletrabajo y Trabajo a Distancia.\" class=\"wpex-hover-underline\">Continue reading <i class=\"ticon ticon-angle-right\"><\/i><\/a><\/div><\/div><\/div><\/div><\/div><\/div><div class=\"wpex-post-cards-entry post-544 type-post wpex-carousel-slide cat-3 translation_priority-5\"><div class=\"wpex-card wpex-card-emba-articles\"><div class=\"emba-article wpex-card-inner wpex-flex wpex-flex-col wpex-sm-flex-row wpex-gap-40\"><div class=\"wpex-card-thumbnail wpex-relative wpex-sm-w-40 wpex-flex-shrink-0\"><a href=\"https:\/\/emba.com.bo\/en\/dia-internacional-del-derecho-del-acceso-universal-a-la-informacion\/\"><img width=\"1050\" height=\"571\" src=\"https:\/\/emba.com.bo\/wp-content\/uploads\/2021\/09\/28-enero-noticia-web.jpg\" class=\"wpex-align-middle wpex-w-100\" alt=\"D\u00eda Internacional del Derecho del Acceso Universal a la Informaci\u00f3n\" decoding=\"async\" loading=\"lazy\" srcset=\"https:\/\/emba.com.bo\/wp-content\/uploads\/2021\/09\/28-enero-noticia-web.jpg 1050w, https:\/\/emba.com.bo\/wp-content\/uploads\/2021\/09\/28-enero-noticia-web-300x163.jpg 300w, https:\/\/emba.com.bo\/wp-content\/uploads\/2021\/09\/28-enero-noticia-web-1024x557.jpg 1024w, https:\/\/emba.com.bo\/wp-content\/uploads\/2021\/09\/28-enero-noticia-web-768x418.jpg 768w\" sizes=\"(max-width: 1050px) 100vw, 1050px\" \/><\/a><\/div><div class=\"emba-article__details wpex-flex wpex-flex-col wpex-justify-center wpex-card-details wpex-flex-grow\"><h2 class=\"wpex-card-title emba-article__heading wpex-heading\"><a href=\"https:\/\/emba.com.bo\/en\/dia-internacional-del-derecho-del-acceso-universal-a-la-informacion\/\">D\u00eda Internacional del Derecho del Acceso Universal a la Informaci\u00f3n<\/a><\/h2><div class=\"emba-article__meta wpex-card-meta wpex-flex wpex-flex-wrap wpex-gap-5 wpex-mb-10 wpex-child-inherit-color wpex-text-sm\"><div class=\"wpex-card-date\">September 28, 2021<\/div><\/div><div class=\"wpex-card-excerpt wpex-last-mb-0 wpex-mb-5\"><p>D\u00eda Internacional del Derecho del Acceso Universal a la Informaci\u00f3n &nbsp; El 28 de septiembre se celebra el D\u00eda Internacional del Derecho de Acceso Universal a la Informaci\u00f3n, un d\u00eda que rememora y a su vez hace homenaje al hecho&hellip;<\/p><\/div><div class=\"wpex-card-footer \"><div class=\"wpex-card-more-link\"><a href=\"https:\/\/emba.com.bo\/en\/dia-internacional-del-derecho-del-acceso-universal-a-la-informacion\/\" aria-label=\"Continue reading &lt;i class=&quot;ticon ticon-angle-right&quot;&gt;&lt;\/i&gt; about D\u00eda Internacional del Derecho del Acceso Universal a la Informaci\u00f3n\" class=\"wpex-hover-underline\">Continue reading <i class=\"ticon ticon-angle-right\"><\/i><\/a><\/div><\/div><\/div><\/div><\/div><\/div><div class=\"wpex-post-cards-entry post-543 type-post wpex-carousel-slide cat-3 cat-80 cat-71 post_tag-119 translation_priority-5\"><div class=\"wpex-card wpex-card-emba-articles\"><div class=\"emba-article wpex-card-inner wpex-flex wpex-flex-col wpex-sm-flex-row wpex-gap-40\"><div class=\"wpex-card-thumbnail wpex-relative wpex-sm-w-40 wpex-flex-shrink-0\"><a href=\"https:\/\/emba.com.bo\/en\/fintech-in-latin-america\/\"><img width=\"1050\" height=\"571\" src=\"https:\/\/emba.com.bo\/wp-content\/uploads\/2021\/09\/web-1.png\" class=\"wpex-align-middle wpex-w-100\" alt=\"Fintech in Latin America\" decoding=\"async\" loading=\"lazy\" srcset=\"https:\/\/emba.com.bo\/wp-content\/uploads\/2021\/09\/web-1.png 1050w, https:\/\/emba.com.bo\/wp-content\/uploads\/2021\/09\/web-1-300x163.png 300w, https:\/\/emba.com.bo\/wp-content\/uploads\/2021\/09\/web-1-1024x557.png 1024w, https:\/\/emba.com.bo\/wp-content\/uploads\/2021\/09\/web-1-768x418.png 768w\" sizes=\"(max-width: 1050px) 100vw, 1050px\" \/><\/a><\/div><div class=\"emba-article__details wpex-flex wpex-flex-col wpex-justify-center wpex-card-details wpex-flex-grow\"><h2 class=\"wpex-card-title emba-article__heading wpex-heading\"><a href=\"https:\/\/emba.com.bo\/en\/fintech-in-latin-america\/\">Fintech in Latin America<\/a><\/h2><div class=\"emba-article__meta wpex-card-meta wpex-flex wpex-flex-wrap wpex-gap-5 wpex-mb-10 wpex-child-inherit-color wpex-text-sm\"><div class=\"wpex-card-date\">September 22, 2021<\/div><\/div><div class=\"wpex-card-excerpt wpex-last-mb-0 wpex-mb-5\"><p>In 2020, the Bank for International Settlements published a research paper that found that in 2019, more than half of Latin Americans had no access to any type of financial service.[1] &nbsp; That same year, Argentina, Brazil, Chile, Colombia, and&hellip;<\/p><\/div><div class=\"wpex-card-footer \"><div class=\"wpex-card-more-link\"><a href=\"https:\/\/emba.com.bo\/en\/fintech-in-latin-america\/\" aria-label=\"Continue reading &lt;i class=&quot;ticon ticon-angle-right&quot;&gt;&lt;\/i&gt; about Fintech in Latin America\" class=\"wpex-hover-underline\">Continue reading <i class=\"ticon ticon-angle-right\"><\/i><\/a><\/div><\/div><\/div><\/div><\/div><\/div><div class=\"wpex-post-cards-entry post-542 type-post wpex-carousel-slide cat-3 cat-80 cat-71 post_tag-119 translation_priority-5\"><div class=\"wpex-card wpex-card-emba-articles\"><div class=\"emba-article wpex-card-inner wpex-flex wpex-flex-col wpex-sm-flex-row wpex-gap-40\"><div class=\"wpex-card-thumbnail wpex-relative wpex-sm-w-40 wpex-flex-shrink-0\"><a href=\"https:\/\/emba.com.bo\/en\/the-bolivian-fintech-ecosystem-2\/\"><img width=\"1050\" height=\"571\" src=\"https:\/\/emba.com.bo\/wp-content\/uploads\/2021\/09\/OPCION-1-WEB.png\" class=\"wpex-align-middle wpex-w-100\" alt=\"The Bolivian fintech \u201cecosystem\u201d\" decoding=\"async\" loading=\"lazy\" srcset=\"https:\/\/emba.com.bo\/wp-content\/uploads\/2021\/09\/OPCION-1-WEB.png 1050w, https:\/\/emba.com.bo\/wp-content\/uploads\/2021\/09\/OPCION-1-WEB-300x163.png 300w, https:\/\/emba.com.bo\/wp-content\/uploads\/2021\/09\/OPCION-1-WEB-1024x557.png 1024w, https:\/\/emba.com.bo\/wp-content\/uploads\/2021\/09\/OPCION-1-WEB-768x418.png 768w\" sizes=\"(max-width: 1050px) 100vw, 1050px\" \/><\/a><\/div><div class=\"emba-article__details wpex-flex wpex-flex-col wpex-justify-center wpex-card-details wpex-flex-grow\"><h2 class=\"wpex-card-title emba-article__heading wpex-heading\"><a href=\"https:\/\/emba.com.bo\/en\/the-bolivian-fintech-ecosystem-2\/\">The Bolivian fintech \u201cecosystem\u201d<\/a><\/h2><div class=\"emba-article__meta wpex-card-meta wpex-flex wpex-flex-wrap wpex-gap-5 wpex-mb-10 wpex-child-inherit-color wpex-text-sm\"><div class=\"wpex-card-date\">September 9, 2021<\/div><\/div><div class=\"wpex-card-excerpt wpex-last-mb-0 wpex-mb-5\"><p>The Bolivian fintech \u201cecosystem\u201d Author: Mirko Olmos Introduction to fintech During the first half of 2021, the global investment in fintech grew to USD. 98 billion., including deals in M&amp;A, Venture Capital, and Private Equity. This meant that this industry&hellip;<\/p><\/div><div class=\"wpex-card-footer \"><div class=\"wpex-card-more-link\"><a href=\"https:\/\/emba.com.bo\/en\/the-bolivian-fintech-ecosystem-2\/\" aria-label=\"Continue reading &lt;i class=&quot;ticon ticon-angle-right&quot;&gt;&lt;\/i&gt; about The Bolivian fintech \u201cecosystem\u201d\" class=\"wpex-hover-underline\">Continue reading <i class=\"ticon ticon-angle-right\"><\/i><\/a><\/div><\/div><\/div><\/div><\/div><\/div><div class=\"wpex-post-cards-entry post-491 type-post wpex-carousel-slide cat-3 cat-72 cat-71 post_tag-83 translation_priority-5\"><div class=\"wpex-card wpex-card-emba-articles\"><div class=\"emba-article wpex-card-inner wpex-flex wpex-flex-col wpex-sm-flex-row wpex-gap-40\"><div class=\"wpex-card-thumbnail wpex-relative wpex-sm-w-40 wpex-flex-shrink-0\"><a href=\"https:\/\/emba.com.bo\/en\/reglamento_al_seguro_ogligatorio_de_accidentes_de_la_trabajadora_y_el_trabajador\/\"><img width=\"750\" height=\"500\" src=\"https:\/\/emba.com.bo\/wp-content\/uploads\/2019\/12\/EMBA-Web-Comunicado-SOATC.png\" class=\"wpex-align-middle wpex-w-100\" alt=\"REGLAMENTO AL SEGURO OBLIGATORIO DE ACCIDENTES DE LA TRABAJADORA Y EL TRABAJADOR EN EL \u00c1MBITO DE LA CONSTRUCCI\u00d3N \u2013 SOATC\" decoding=\"async\" loading=\"lazy\" srcset=\"https:\/\/emba.com.bo\/wp-content\/uploads\/2019\/12\/EMBA-Web-Comunicado-SOATC.png 750w, https:\/\/emba.com.bo\/wp-content\/uploads\/2019\/12\/EMBA-Web-Comunicado-SOATC-300x200.png 300w\" sizes=\"(max-width: 750px) 100vw, 750px\" \/><\/a><\/div><div class=\"emba-article__details wpex-flex wpex-flex-col wpex-justify-center wpex-card-details wpex-flex-grow\"><h2 class=\"wpex-card-title emba-article__heading wpex-heading\"><a href=\"https:\/\/emba.com.bo\/en\/reglamento_al_seguro_ogligatorio_de_accidentes_de_la_trabajadora_y_el_trabajador\/\">REGLAMENTO AL SEGURO OBLIGATORIO DE ACCIDENTES DE LA TRABAJADORA Y EL TRABAJADOR EN EL \u00c1MBITO DE LA CONSTRUCCI\u00d3N \u2013 SOATC<\/a><\/h2><div class=\"emba-article__meta wpex-card-meta wpex-flex wpex-flex-wrap wpex-gap-5 wpex-mb-10 wpex-child-inherit-color wpex-text-sm\"><div class=\"wpex-card-date\">December 30, 2019<\/div><\/div><div class=\"wpex-card-excerpt wpex-last-mb-0 wpex-mb-5\"><p>Mediante el Decreto Supremo N\u00ba 4058, de 15 de octubre de 2019, se reglament\u00f3 la Ley N\u00b0 1155, de 12 de marzo de 2019, del \u201cSeguro Obligatorio de Accidentes de la Trabajadora y el Trabajador en el \u00c1mbito de la&hellip;<\/p><\/div><div class=\"wpex-card-footer \"><div class=\"wpex-card-more-link\"><a href=\"https:\/\/emba.com.bo\/en\/reglamento_al_seguro_ogligatorio_de_accidentes_de_la_trabajadora_y_el_trabajador\/\" aria-label=\"Continue reading &lt;i class=&quot;ticon ticon-angle-right&quot;&gt;&lt;\/i&gt; about REGLAMENTO AL SEGURO OBLIGATORIO DE ACCIDENTES DE LA TRABAJADORA Y EL TRABAJADOR EN EL \u00c1MBITO DE LA CONSTRUCCI\u00d3N \u2013 SOATC\" class=\"wpex-hover-underline\">Continue reading <i class=\"ticon ticon-angle-right\"><\/i><\/a><\/div><\/div><\/div><\/div><\/div><\/div><div class=\"wpex-post-cards-entry post-490 type-post wpex-carousel-slide cat-3 cat-72 cat-71 post_tag-105 translation_priority-5\"><div class=\"wpex-card wpex-card-emba-articles\"><div class=\"emba-article wpex-card-inner wpex-flex wpex-flex-col wpex-sm-flex-row wpex-gap-40\"><div class=\"wpex-card-thumbnail wpex-relative wpex-sm-w-40 wpex-flex-shrink-0\"><a href=\"https:\/\/emba.com.bo\/en\/el-ministerio-de-trabajo-declara-la-ilegalidad-de-la-imposicion-de-vacaiones-de-manera-unilateral-por-parte-del-empleador\/\"><img width=\"750\" height=\"500\" src=\"https:\/\/emba.com.bo\/wp-content\/uploads\/2019\/12\/EMBA-Web-Comunicado-ile.png\" class=\"wpex-align-middle wpex-w-100\" alt=\"EL MINISTERIO DE TRABAJO DECLARA LA ILEGALIDAD DE LA IMPOSICI\u00d3N DE VACACIONES, DE MANERA UNILATERAL POR PARTE DEL EMPLEADOR, EN EL CONTEXTO DE LOS CONFLICTOS SOCIALES\" decoding=\"async\" loading=\"lazy\" srcset=\"https:\/\/emba.com.bo\/wp-content\/uploads\/2019\/12\/EMBA-Web-Comunicado-ile.png 750w, https:\/\/emba.com.bo\/wp-content\/uploads\/2019\/12\/EMBA-Web-Comunicado-ile-300x200.png 300w\" sizes=\"(max-width: 750px) 100vw, 750px\" \/><\/a><\/div><div class=\"emba-article__details wpex-flex wpex-flex-col wpex-justify-center wpex-card-details wpex-flex-grow\"><h2 class=\"wpex-card-title emba-article__heading wpex-heading\"><a href=\"https:\/\/emba.com.bo\/en\/el-ministerio-de-trabajo-declara-la-ilegalidad-de-la-imposicion-de-vacaiones-de-manera-unilateral-por-parte-del-empleador\/\">EL MINISTERIO DE TRABAJO DECLARA LA ILEGALIDAD DE LA IMPOSICI\u00d3N DE VACACIONES, DE MANERA UNILATERAL POR PARTE DEL EMPLEADOR, EN EL CONTEXTO DE LOS CONFLICTOS SOCIALES<\/a><\/h2><div class=\"emba-article__meta wpex-card-meta wpex-flex wpex-flex-wrap wpex-gap-5 wpex-mb-10 wpex-child-inherit-color wpex-text-sm\"><div class=\"wpex-card-date\">December 17, 2019<\/div><\/div><div class=\"wpex-card-excerpt wpex-last-mb-0 wpex-mb-5\"><p>El 17 de diciembre de 2019, el Ministerio de Trabajo, Empleo y Previsi\u00f3n y Social, emiti\u00f3 el Comunicado No. 34\/19, por medio del cual califica como ilegales las vacaciones obligatorias, impuestas unilateralmente por las empresas o establecimientos laborales a su&hellip;<\/p><\/div><div class=\"wpex-card-footer \"><div class=\"wpex-card-more-link\"><a href=\"https:\/\/emba.com.bo\/en\/el-ministerio-de-trabajo-declara-la-ilegalidad-de-la-imposicion-de-vacaiones-de-manera-unilateral-por-parte-del-empleador\/\" aria-label=\"Continue reading &lt;i class=&quot;ticon ticon-angle-right&quot;&gt;&lt;\/i&gt; about EL MINISTERIO DE TRABAJO DECLARA LA ILEGALIDAD DE LA IMPOSICI\u00d3N DE VACACIONES, DE MANERA UNILATERAL POR PARTE DEL EMPLEADOR, EN EL CONTEXTO DE LOS CONFLICTOS SOCIALES\" class=\"wpex-hover-underline\">Continue reading <i class=\"ticon ticon-angle-right\"><\/i><\/a><\/div><\/div><\/div><\/div><\/div><\/div><\/div><\/div><div  class=\"emba-link emba-link--solid \"><a class=\"emba_link__plain\" href=\"https:\/\/emba.com.bo\/noticias\/\" style=\"--color-text:#082e4b;--color-hover-text:#828282;\">See more articles <i class=\"ticon ticon-angle-right\"><\/i><\/a><\/div>[\/vc_column][\/vc_row][vc_row disable_element=&#8221;yes&#8221;][vc_column]<style type=\"text\/css\" data-type=\"vc_shortcodes-custom-css\">.vc_custom_1664295224661{margin-bottom: 20px !important;}<\/style>[vc_row content_placement=\"middle\"][vc_column el_class=\"emba-newsletter-form\"][vc_column_text text_align=\"center\" color=\"#082e4b\" font_size=\"2rem\" css=\".vc_custom_1664295224661{margin-bottom: 20px !important;}\"]Subscribe to receive our articles periodically by mail[\/vc_column_text]<div class=\"vcex-module vcex-newsletter-form wpex-max-w-100 wpex-clr\"><div class=\"vcex-newsletter-form-wrap wpex-max-w-100\"><form action=\"https:\/\/connaxis.us9.list-manage.com\/subscribe\/post?u=65e9442546a172d73c52a1176&#038;id=fced2cb1da\" method=\"post\" class=\"wpex-flex\"><label class=\"vcex-newsletter-form-label wpex-flex-grow\"><span class=\"screen-reader-text\">Enter your email address<\/span><input type=\"email\" name=\"EMAIL\" placeholder=\"Enter your email address\" autocomplete=\"off\" required><\/label><button type=\"submit\" class=\"vcex-newsletter-form-button wpex-flex-shrink-0 wpex-tracking-wider\">SUBSCRIBE<\/button><\/form><\/div><\/div>[\/vc_column][\/vc_row][\/vc_column][\/vc_row][vc_row content_placement=&#8221;middle&#8221;][vc_column el_class=&#8221;emba-newsletter-form&#8221;][vc_column_text text_align=&#8221;center&#8221; color=&#8221;#082e4b&#8221; font_size=&#8221;2rem&#8221; css=&#8221;.vc_custom_1685740494310{margin-bottom: 20px !important;}&#8221;]Suscribe to receive our articles periodically by mail[\/vc_column_text]<div class=\"vcex-module vcex-form-shortcode wpex-form wpex-m-auto wpex-max-w-100 form-suscripcion\">\n<div class=\"wpcf7 no-js\" id=\"wpcf7-f2074-o1\" lang=\"es-ES\" dir=\"ltr\">\n<div class=\"screen-reader-response\"><p role=\"status\" aria-live=\"polite\" aria-atomic=\"true\"><\/p> <ul><\/ul><\/div>\n<form action=\"\/en\/wp-json\/wp\/v2\/team\/229#wpcf7-f2074-o1\" method=\"post\" class=\"wpcf7-form init\" aria-label=\"Contact form\" novalidate=\"novalidate\" data-status=\"init\">\n<div style=\"display: none;\">\n<input type=\"hidden\" name=\"_wpcf7\" value=\"2074\" \/>\n<input type=\"hidden\" name=\"_wpcf7_version\" value=\"5.7.7\" \/>\n<input type=\"hidden\" name=\"_wpcf7_locale\" value=\"es_ES\" \/>\n<input type=\"hidden\" name=\"_wpcf7_unit_tag\" value=\"wpcf7-f2074-o1\" \/>\n<input type=\"hidden\" name=\"_wpcf7_container_post\" value=\"0\" \/>\n<input type=\"hidden\" name=\"_wpcf7_posted_data_hash\" value=\"\" \/>\n<\/div>\n<p><span class=\"wpcf7-form-control-wrap\" data-name=\"email-838\"><input size=\"40\" class=\"wpcf7-form-control wpcf7-text wpcf7-email wpcf7-validates-as-required wpcf7-validates-as-email vcex-newsletter-form-label\" aria-required=\"true\" aria-invalid=\"false\" placeholder=\"Enter your email address\" value=\"\" type=\"email\" name=\"email-838\" \/><\/span><br \/>\n<input class=\"wpcf7-form-control has-spinner wpcf7-submit vcex-newsletter-form-button\" type=\"submit\" value=\"SUSCRIBE\" \/>\n<\/p><div class=\"wpcf7-response-output\" aria-hidden=\"true\"><\/div>\n<\/form>\n<\/div>\n<\/div>[\/vc_column][\/vc_row]\n","protected":false},"author":1,"featured_media":1939,"template":"","team_cat":[27],"idioma_team":[45,46],"acf":[],"_links":{"self":[{"href":"https:\/\/emba.com.bo\/en\/wp-json\/wp\/v2\/team\/229"}],"collection":[{"href":"https:\/\/emba.com.bo\/en\/wp-json\/wp\/v2\/team"}],"about":[{"href":"https:\/\/emba.com.bo\/en\/wp-json\/wp\/v2\/types\/team"}],"author":[{"embeddable":true,"href":"https:\/\/emba.com.bo\/en\/wp-json\/wp\/v2\/users\/1"}],"wp:featuredmedia":[{"embeddable":true,"href":"https:\/\/emba.com.bo\/en\/wp-json\/wp\/v2\/media\/1939"}],"wp:attachment":[{"href":"https:\/\/emba.com.bo\/en\/wp-json\/wp\/v2\/media?parent=229"}],"wp:term":[{"taxonomy":"team_cat","embeddable":true,"href":"https:\/\/emba.com.bo\/en\/wp-json\/wp\/v2\/team_cat?post=229"},{"taxonomy":"idioma_team","embeddable":true,"href":"https:\/\/emba.com.bo\/en\/wp-json\/wp\/v2\/idioma_team?post=229"}],"curies":[{"name":"wp","href":"https:\/\/api.w.org\/{rel}","templated":true}]}}